{"id":13575,"date":"2025-08-25T12:26:23","date_gmt":"2025-08-25T10:26:23","guid":{"rendered":"https:\/\/ifmec.com\/?post_type=product&#038;p=13575"},"modified":"2026-04-13T14:09:10","modified_gmt":"2026-04-13T12:09:10","slug":"iii-curso-internacional-de-voz-y-fonocirugia-16-y-17-de-abril-de-2026","status":"publish","type":"product","link":"https:\/\/ifmec.com\/en\/producto\/iii-curso-internacional-de-voz-y-fonocirugia-16-y-17-de-abril-de-2026\/","title":{"rendered":"III CURSO INTERNACIONAL DE VOZ Y FONOCIRUG\u00cdA. 16 y 17 de Abril de 2026"},"content":{"rendered":"<p><a class=\"btn btn-info\" href=\"https:\/\/ifmec.com\/wp-content\/uploads\/2025\/08\/1-3.pdf\">PROGRAMA CURSO<\/a><\/p>\n<h3><b>PRESENTACI\u00d3N Y OBJETIVO DEL CURSO:<\/b><\/h3>\n<p>Os presentamos el III curso de Voz y de Fonocirug\u00eda ; no s\u00f3lo va dirigido al ORL profesional que ejerce una labor cl\u00ednica sino a todos los residentes de ORL y adjuntos j\u00f3venes que tengan inquietud en el mundo de la patolog\u00eda de la voz; pretendemos que en dos d\u00edas se adquieran los conocimientos m\u00ednimos necesarios para tratar a un paciente afecto de disfon\u00eda.<\/p>\n<p>El formato de conferencias breves , pr\u00e1cticas, did\u00e1cticas impartidas por expertos en cada materia asegura la adquisici\u00f3n de estos conocimientos. Contamos con un ponente extranjero de relevancia mundial as\u00ed como un personaje conocido\/famoso involucrado de alguna forma en el mudo de la voz. Este curso se puede complementar con otros m\u00e1s espec\u00edficos que profundicen en determinados aspectos m\u00e9dico-quir\u00fargicos.<\/p>\n<h3><b>DIRECTORES DEL CURSO:<\/b><\/h3>\n<ul>\n<li><strong><span class=\"JsGRdQ\">Dr. Juan Carlos Casado Morente<\/span><\/strong><span class=\"JsGRdQ\"><strong>.<\/strong> Jefe de Servicio de ORL; hospital Quironsalud Marbella y Hospital Quironsalud Campo de Gibraltar.<\/span><\/li>\n<li><strong><span class=\"JsGRdQ\">Dra. Isabel Garc\u00eda-L\u00f3pez. <\/span><\/strong><span class=\"JsGRdQ\">Otorrinolaring\u00f3loga<strong>.<\/strong> Responsable de la Unidad de Voz; Hospital Universitario La Paz.<\/span><\/li>\n<\/ul>\n<p class=\"_04xlpA direction-ltr align-justify para-style-body\"><span class=\"JsGRdQ\">Profesor invitado: Dr. Ramon Franco. Massachusetts Eye and Ear Medical Director, Voice and Speech Laboratory. Harvard Medical School Associate Professor of Otolaryngology\u2013Head and Neck Surgery.<\/span><\/p>\n<h3><b>REQUISITOS PARA LA INSCRIPCI\u00d3N:<\/b><\/h3>\n<p><span style=\"font-weight: 400;\">Profesionales sanitarios con \u00e1mbito de trabajo en la voz y su patolog\u00eda.<\/span><\/p>\n<p><strong>FECHAS: 16 y 17 de Abril de 2026<\/strong><\/p>\n<p><strong>PRECIOS: <\/strong><\/p>\n<p class=\"cvGsUA direction-ltr align-center para-style-body\"><span class=\"OYPEnA text-decoration-none text-strikethrough-none\">Precio m\u00e9dicos especialistas: 400\u20ac<\/span><\/p>\n<p class=\"cvGsUA direction-ltr align-center para-style-body\"><span class=\"OYPEnA text-decoration-none text-strikethrough-none\">Precio logopedas: 250\u20ac <\/span><\/p>\n<p class=\"cvGsUA direction-ltr align-center para-style-body\"><strong>SEDE:<\/strong> <a href=\"https:\/\/www.google.com\/maps\/place\/Hospital+Universitario+La+Paz\/@40.4811633,-3.6873978,15z\/data=!4m5!3m4!1s0x0:0x92e69873c64509d!8m2!3d40.4811633!4d-3.6873978\">Hospital Universitario La Paz<\/a>. \u00a0Madrid.<\/p>\n<h3 data-section-id=\"15owx0b\" data-start=\"67\" data-end=\"130\">Invitado especial: <span class=\"hover:entity-accent entity-underline inline cursor-pointer align-baseline\"><span class=\"whitespace-normal\">Carlos Latre<\/span><\/span><\/h3>\n<p data-start=\"132\" data-end=\"197\"><strong data-start=\"132\" data-end=\"197\">\u00bfC\u00f3mo cuida sus cuerdas vocales \u201cel hombre de las mil voces\u201d?<\/strong><\/p>\n<p data-start=\"199\" data-end=\"433\">Contar con Carlos Latre en este curso es un aut\u00e9ntico lujo. Conocido como <em data-start=\"273\" data-end=\"301\">el hombre de las mil voces<\/em>, su talento para la imitaci\u00f3n y el manejo de la voz lo ha convertido en un referente del humor y la interpretaci\u00f3n en nuestro pa\u00eds.<\/p>\n<p data-start=\"435\" data-end=\"796\">En esta ocasi\u00f3n, Latre participar\u00e1 como <strong data-start=\"475\" data-end=\"496\">invitado especial<\/strong> para compartir su experiencia y revelar c\u00f3mo cuida su principal herramienta de trabajo: la voz.<br data-start=\"592\" data-end=\"595\" \/>A trav\u00e9s de su experiencia sobre escenarios, plat\u00f3s y estudios de grabaci\u00f3n, descubriremos qu\u00e9 h\u00e1bitos, t\u00e9cnicas y cuidados le permiten mantener su voz en plena forma para dar vida a tantos personajes.<\/p>\n<p data-start=\"798\" data-end=\"948\">Una oportunidad \u00fanica para conocer de primera mano los secretos, rutinas y consejos de uno de los artistas vocales m\u00e1s vers\u00e1tiles del panorama actual.<\/p>\n<div style=\"width: 640px;\" class=\"wp-video\"><!--[if lt IE 9]><script>document.createElement('video');<\/script><![endif]-->\n<video class=\"wp-video-shortcode\" id=\"video-13575-1\" width=\"640\" height=\"799\" preload=\"metadata\" controls=\"controls\"><source type=\"video\/mp4\" src=\"https:\/\/ifmec.com\/wp-content\/uploads\/2025\/08\/1080x1350-ifmec-6.mp4?_=1\" \/><a href=\"https:\/\/ifmec.com\/wp-content\/uploads\/2025\/08\/1080x1350-ifmec-6.mp4\">https:\/\/ifmec.com\/wp-content\/uploads\/2025\/08\/1080x1350-ifmec-6.mp4<\/a><\/video><\/div>\n<div style=\"width: 640px;\" class=\"wp-video\"><video class=\"wp-video-shortcode\" id=\"video-13575-2\" width=\"640\" height=\"799\" preload=\"metadata\" controls=\"controls\"><source type=\"video\/mp4\" src=\"https:\/\/ifmec.com\/wp-content\/uploads\/2025\/08\/1080x1350-ifmec-9.mp4?_=2\" \/><a href=\"https:\/\/ifmec.com\/wp-content\/uploads\/2025\/08\/1080x1350-ifmec-9.mp4\">https:\/\/ifmec.com\/wp-content\/uploads\/2025\/08\/1080x1350-ifmec-9.mp4<\/a><\/video><\/div>\n<h3><\/h3>\n<p class=\"p1\"><span style=\"color: #0000ff;\">POL\u00cdTICA DE CANCELACI\u00d3N DE RESERV<\/span>A<\/p>\n<p class=\"p1\">En el caso de cancelaci\u00f3n de una reserva, las tasas de devoluci\u00f3n son las siguientes:<\/p>\n<p class=\"p1\">&#8211; Cancelaciones 30 d\u00edas naturales previos al curso se reembolsar\u00e1 el 100% de importe de inscripci\u00f3n, excepto los gastos de gesti\u00f3n que pudiera ocasionar.<\/p>\n<p class=\"p1\">&#8211; Cancelaciones entre 30 y 10 d\u00edas naturales previos al curso se reembolsar\u00e1 el 50% del importe de inscripci\u00f3n, excepto los gastos de gesti\u00f3n que pudiera ocasionar.<\/p>\n<p class=\"p1\">&#8211; Cancelaciones con menos de 10 d\u00edas naturales de anticipaci\u00f3n no dar\u00e1 derecho a devoluci\u00f3n alguna.<\/p>\n","protected":false},"excerpt":{"rendered":"<p>III curso de Voz y de Fonocirug\u00eda ; no s\u00f3lo va dirigido al ORL profesional que ejerce una labor cl\u00ednica sino a todos los residentes de ORL y adjuntos j\u00f3venes que tengan inquietud en el mundo de la patolog\u00eda de la voz; pretendemos que en dos d\u00edas se adquieran los conocimientos m\u00ednimos necesarios para tratar a un paciente afecto de disfon\u00eda.<\/p>\n","protected":false},"featured_media":13578,"template":"","meta":[],"product_cat":[16],"product_tag":[],"class_list":["post-13575","product","type-product","status-publish","has-post-thumbnail","hentry","product_cat-laringologia","pa_modalidad-logopedas","pa_modalidad-medicos-especialistas"],"_links":{"self":[{"href":"https:\/\/ifmec.com\/en\/wp-json\/wp\/v2\/product\/13575","targetHints":{"allow":["GET"]}}],"collection":[{"href":"https:\/\/ifmec.com\/en\/wp-json\/wp\/v2\/product"}],"about":[{"href":"https:\/\/ifmec.com\/en\/wp-json\/wp\/v2\/types\/product"}],"wp:featuredmedia":[{"embeddable":true,"href":"https:\/\/ifmec.com\/en\/wp-json\/wp\/v2\/media\/13578"}],"wp:attachment":[{"href":"https:\/\/ifmec.com\/en\/wp-json\/wp\/v2\/media?parent=13575"}],"wp:term":[{"taxonomy":"product_cat","embeddable":true,"href":"https:\/\/ifmec.com\/en\/wp-json\/wp\/v2\/product_cat?post=13575"},{"taxonomy":"product_tag","embeddable":true,"href":"https:\/\/ifmec.com\/en\/wp-json\/wp\/v2\/product_tag?post=13575"}],"curies":[{"name":"wp","href":"https:\/\/api.w.org\/{rel}","templated":true}]}}